{"id":6974,"date":"2020-05-20T11:12:46","date_gmt":"2020-05-20T09:12:46","guid":{"rendered":"https:\/\/www.maisonmaxine.be\/?post_type=hb_accommodation&#038;p=6974"},"modified":"2022-07-15T14:41:33","modified_gmt":"2022-07-15T12:41:33","slug":"maisonmaxine","status":"publish","type":"hb_accommodation","link":"https:\/\/www.maisonmaxine.be\/fr\/boeken\/maisonmaxine\/","title":{"rendered":"MaisonMaxine"},"content":{"rendered":"<section class=\"wpb-content-wrapper\">[vc_row full_width=\u00a0\u00bbstretch_row_content_no_spaces\u00a0\u00bb remove_bottom_col_margin=\u00a0\u00bbtrue\u00a0\u00bb min_height=\u00a0\u00bb200px\u00a0\u00bb][vc_column]<div class=\"vcex-module vcex-image-banner textcenter\"><span class=\"vcex-ib-img\"  style=\"background-image:url(https:\/\/www.maisonmaxine.be\/wp-content\/uploads\/2019\/10\/StAndr\u00e9020.jpg);background-position:center center;\"><\/span><div class=\"vcex-ib-content-wrap clr\"  style=\"padding-top:100px;padding-bottom:100px;\"><div class=\"vcex-ib-content clr\"><\/div><\/div><\/div>[\/vc_column][\/vc_row][vc_row full_width=\u00a0\u00bbstretch_row\u00a0\u00bb css=\u00a0\u00bb.vc_custom_1565595529071{padding-top: 40px !important;}\u00a0\u00bb][vc_column width=\u00a0\u00bb1\/3&Prime;]<h2 class=\"vcex-module vcex-heading vcex-heading-plain vc_custom_1589965018017\"><span class=\"vcex-heading-inner clr\">Le lieu<\/span><\/h2><div class=\"vcex-module vcex-bullets custom-icon\">\n<ul>\n<li><span class=\"vcex-icon-wrap\"><span class=\"vcex-icon entypo-icon entypo-icon-right-open-mini\" style=\"color:#878787\" aria-hidden=\"true\"><\/span><\/span><div class=\"vcex-content\">\u00e0 100m du centre ville<\/div><\/li>\n<li><span class=\"vcex-icon-wrap\"><span class=\"vcex-icon entypo-icon entypo-icon-right-open-mini\" style=\"color:#878787\" aria-hidden=\"true\"><\/span><\/span><div class=\"vcex-content\">parking gratuit dans la rue, parking public gratuit \u00e0 50 m de la maison<\/div><\/li>\n<li><span class=\"vcex-icon-wrap\"><span class=\"vcex-icon entypo-icon entypo-icon-right-open-mini\" style=\"color:#878787\" aria-hidden=\"true\"><\/span><\/span><div class=\"vcex-content\">acces facile par l\u2019autoroute E40, sortie 3 Nieuport<\/div><\/li>\n<li><span class=\"vcex-icon-wrap\"><span class=\"vcex-icon entypo-icon entypo-icon-right-open-mini\" style=\"color:#878787\" aria-hidden=\"true\"><\/span><\/span><div class=\"vcex-content\">un garage pour voiture ou v\u00e9los<\/div><\/li>\n<li><span class=\"vcex-icon-wrap\"><span class=\"vcex-icon entypo-icon entypo-icon-right-open-mini\" style=\"color:#878787\" aria-hidden=\"true\"><\/span><\/span><div class=\"vcex-content\">arr\u00eat du tram de la c\u00f4te \u00e0 5 minutes \u00e0 pied<\/div><\/li>\n<\/ul>\n<\/div>[\/vc_column][vc_column width=\u00a0\u00bb2\/3&Prime;][vc_gmaps link=\u00a0\u00bb#E-8_JTNDaWZyYW1lJTIwc3JjJTNEJTIyaHR0cHMlM0ElMkYlMkZ3d3cuZ29vZ2xlLmNvbSUyRm1hcHMlMkZlbWJlZCUzRnBiJTNEJTIxMW0xOCUyMTFtMTIlMjExbTMlMjExZDQxMzguNTg4ODg0NjMwMDU4JTIxMmQyLjc1MDIxNDUxNTE3NzU2MiUyMTNkNTEuMTI5OTYzMTg1NjkzODklMjEybTMlMjExZjAlMjEyZjAlMjEzZjAlMjEzbTIlMjExaTEwMjQlMjEyaTc2OCUyMTRmMTMuMSUyMTNtMyUyMTFtMiUyMTFzMHg0N2RjYmNhMzkzNzY2YmYzJTI1M0EweDcyMDNlZmZiZGI4N2NmYWUlMjEyc1NjaGlwc3RyYWF0JTJCNDQlMjUyQyUyQjg2MjAlMkJOaWV1d3Bvb3J0JTI1MkMlMkJCZWxnaSUyNUMzJTI1QUIlMjE1ZTAlMjEzbTIlMjExc25sJTIxMnNubCUyMTR2MTU2NTM1MjUyODIxMSUyMTVtMiUyMTFzbmwlMjEyc25sJTIyJTIwd2lkdGglM0QlMjIxMDAlMjUlMjIlMjBoZWlnaHQlM0QlMjIyODAlMjIlMjBmcmFtZWJvcmRlciUzRCUyMjAlMjIlMjBzdHlsZSUzRCUyMmJvcmRlciUzQTAlMjIlMjBhbGxvd2Z1bGxzY3JlZW4lM0UlM0MlMkZpZnJhbWUlM0U=\u00a0\u00bb][\/vc_column][\/vc_row][vc_row full_width=\u00a0\u00bbstretch_row\u00a0\u00bb remove_bottom_col_margin=\u00a0\u00bbtrue\u00a0\u00bb css=\u00a0\u00bb.vc_custom_1657888883717{padding-bottom: 30px !important;background-color: #f4f4f4 !important;background-position: center !important;background-repeat: no-repeat !important;background-size: cover !important;}\u00a0\u00bb][vc_column]<div class=\"textcenter theme-button-block-wrap theme-button-wrap clr\"><a href=\"https:\/\/reservations.cubilis.eu\/maison-maxine-gent\/Rooms\/GeneralAvailability?IsRoomRatesFilterOK=False&#038;IsStandalone=True&#038;StartDate=07%2F15%2F2022%2000%3A00%3A00\" class=\"vcex-button theme-button align-center block animate-on-hover\"><span class=\"theme-button-inner\">Reserve maintenant<\/span><\/a><\/div> [\/vc_column][\/vc_row][vc_row gap=\u00a0\u00bb35&Prime; remove_bottom_col_margin=\u00a0\u00bbtrue\u00a0\u00bb css=\u00a0\u00bb.vc_custom_1565697875003{margin-bottom: 40px !important;padding-top: 30px !important;}\u00a0\u00bb][vc_column width=\u00a0\u00bb1\/3&Prime;]<h3 class=\"vcex-module vcex-heading vcex-heading-plain\"><span class=\"vcex-heading-inner clr\">Arriv\u00e9e et d\u00e9part<\/span><\/h3>[vc_column_text text_align=\u00a0\u00bbleft\u00a0\u00bb]<strong>Semaine<\/strong><br \/>\nDu lundi 16h jusqu\u2019au lundi 10h<br \/>\n<strong>Mi semaine<\/strong><br \/>\nDu lundi 16h jusqu\u2019au vendredi 10h<br \/>\n<strong>Weekend<\/strong><br \/>\nDu vendredi 16h jusqu\u2019au lundi 10h[\/vc_column_text]<div class=\"vcex-spacing\" style=\"height:20px\"><\/div><h3 class=\"vcex-module vcex-heading vcex-heading-plain\"><span class=\"vcex-heading-inner clr\">Compris dans le prix<\/span><\/h3>[vc_column_text text_align=\u00a0\u00bbleft\u00a0\u00bb]lits faits \u00e0 votre arriv\u00e9e<br \/>\nlinge cuisine et de toilette<br \/>\nnettoyage final<br \/>\nconsommation d\u2019eau, de gaz et d\u2019\u00e9lectricit\u00e9<br \/>\nTVA y comprise<br \/>\nfacturation possible[\/vc_column_text][\/vc_column][vc_column width=\u00a0\u00bb2\/3&Prime;][vc_row_inner css=\u00a0\u00bb.vc_custom_1573470414240{padding-top: 50px !important;padding-bottom: 50px !important;background-color: #015979 !important;}\u00a0\u00bb][vc_column_inner][\/vc_column_inner][\/vc_row_inner]<div class=\"vcex-spacing\" style=\"height:20px\"><\/div>[vc_column_text text_align=\u00a0\u00bbleft\u00a0\u00bb]Votre r\u00e9servation est d\u00e9finitive d\u00e8s la r\u00e9ception de l\u2019acompte (50% du loyer). Le montant restant et la caution doivent \u00eatres pay\u00e9s au plus tard 30 jours avant votre arriv\u00e9e.[\/vc_column_text][vc_column_text text_align=\u00a0\u00bbleft\u00a0\u00bb css=\u00a0\u00bb.vc_custom_1589965235992{margin-top: 20px !important;padding-top: 20px !important;padding-right: 20px !important;padding-bottom: 20px !important;padding-left: 20px !important;background-color: #e8e8e8 !important;}\u00a0\u00bb]T\u00e9l\u00e9chargez ici <a href=\"http:\/\/www.maisonmaxine.be\/fr\/waarborg-annuleringsvoorwaarden\/\">les conditions d\u2019annulation et l\u2019acompte<\/a>.[\/vc_column_text][\/vc_column][\/vc_row][vc_row][vc_column]<div class=\"vcex-spacing\" style=\"height:30px\"><\/div>[\/vc_column][\/vc_row]\n<\/section>","protected":false},"featured_media":6844,"template":"","class_list":["post-6974","hb_accommodation","type-hb_accommodation","status-publish","has-post-thumbnail","hentry","entry","has-media"],"_links":{"self":[{"href":"https:\/\/www.maisonmaxine.be\/fr\/wp-json\/wp\/v2\/hb_accommodation\/6974","targetHints":{"allow":["GET"]}}],"collection":[{"href":"https:\/\/www.maisonmaxine.be\/fr\/wp-json\/wp\/v2\/hb_accommodation"}],"about":[{"href":"https:\/\/www.maisonmaxine.be\/fr\/wp-json\/wp\/v2\/types\/hb_accommodation"}],"version-history":[{"count":5,"href":"https:\/\/www.maisonmaxine.be\/fr\/wp-json\/wp\/v2\/hb_accommodation\/6974\/revisions"}],"predecessor-version":[{"id":7760,"href":"https:\/\/www.maisonmaxine.be\/fr\/wp-json\/wp\/v2\/hb_accommodation\/6974\/revisions\/7760"}],"wp:featuredmedia":[{"embeddable":true,"href":"https:\/\/www.maisonmaxine.be\/fr\/wp-json\/wp\/v2\/media\/6844"}],"wp:attachment":[{"href":"https:\/\/www.maisonmaxine.be\/fr\/wp-json\/wp\/v2\/media?parent=6974"}],"curies":[{"name":"wp","href":"https:\/\/api.w.org\/{rel}","templated":true}]}}